{"id":705,"date":"2017-09-18T10:46:12","date_gmt":"2017-09-18T10:46:12","guid":{"rendered":"http:\/\/www.bilas.art\/?page_id=705"},"modified":"2021-10-30T18:32:34","modified_gmt":"2021-10-30T18:32:34","slug":"about-me","status":"publish","type":"page","link":"https:\/\/www.bilas.art\/es\/about-me\/","title":{"rendered":"MYJAILO BILAS"},"content":{"rendered":"<div class=\"wpb-content-wrapper\" id=\"wpb-content-root\"><p>[vc_row equal_height=\u00bbyes\u00bb content_placement=\u00bbmiddle\u00bb css=\u00bb.vc_custom_1505137157448{padding-top: 50px !important;}\u00bb][vc_column css_animation=\u00bbfadeInLeft\u00bb width=\u00bb1\/2&#8243; background_parallax=\u00bbon\u00bb background_parallax_align=\u00bbtop\u00bb css=\u00bb.vc_custom_1572791221220{border-right-width: 0px !important;padding-top: 150px !important;padding-bottom: 150px !important;background-image: url(http:\/\/www.bilas.art\/wp-content\/uploads\/2019\/11\/img9461.jpg?id=5765) !important;background-position: center !important;background-repeat: no-repeat !important;background-size: contain !important;}\u00bb uniqid=\u00bb5d71082af2b68&#8243;][\/vc_column][vc_column css_animation=\u00bbfadeInRight\u00bb width=\u00bb1\/2&#8243; css=\u00bb.vc_custom_1571131294544{padding-top: 30px !important;padding-right: 30px !important;padding-bottom: 30px !important;padding-left: 30px !important;background-color: #f0f0f0 !important;}\u00bb uniqid=\u00bb5d710811cd7bf\u00bb]<div class=\"dt-fancy-separator\" style=\"width: 100%;\"><div class=\"dt-fancy-title\"><span class=\"separator-holder separator-left\"><\/span>MYJAILO BILAS<span class=\"separator-holder separator-right\"><\/span><\/div><\/div>[vc_column_text]Pintor del pueblo de Ucrania, artista ucraniano eminente de obras art\u00edsticas textiles, organizador de exposiciones, artista principal de las casas de moda (Lviv, J\u00e1rkiv, Kyiv).<\/p>\n<p>Sus obras est\u00e1n presentes en museos y colecciones privadas de Ucrania: en Kyiv, Lviv, Truskavets, Kaniv, Drogobych; y en el extranjero: EE.UU., Canad\u00e1. Alemania, Austria, B\u00e9lgica, Polonia, Rumania, Bulgaria, Mongolia, India.[\/vc_column_text]<style type=\"text\/css\" data-type=\"the7_shortcodes-inline-css\">#default-btn-7280b1d5a891af12098b782097f06cc3.ico-right-side > i {\n  margin-right: 0px;\n  margin-left: 8px;\n}\n#default-btn-7280b1d5a891af12098b782097f06cc3 > i {\n  margin-right: 8px;\n}<\/style><a href=\"http:\/\/www.bilas.art\/bio\/\" class=\"default-btn-shortcode dt-btn dt-btn-m link-hover-off btn-inline-left \" id=\"default-btn-7280b1d5a891af12098b782097f06cc3\" title=\"\u0411\u0456\u043e\u0433\u0440\u0430\u0444\u0456\u044f\"><span>Biograf\u00eda<\/span><\/a>[\/vc_column][\/vc_row][vc_row gap=\u00bb5&#8243; css_animation=\u00bbfadeInUp\u00bb bg_type=\u00bbbg_color\u00bb fadeout_row=\u00bbfadeout_row_value\u00bb fadeout_start_effect=\u00bb25&#8243; css=\u00bb.vc_custom_1572693527240{margin-top: 5px !important;}\u00bb uniqid=\u00bb5dbd65c71a192&#8243;][vc_column css_animation=\u00bbfadeInUp\u00bb css=\u00bb.vc_custom_1506084158646{padding-bottom: 20px !important;}\u00bb][vc_column_text]<\/p>\n<p style=\"text-align: justify;\">Estoy aqu\u00ed porque experimento un verdadero respeto hacia el Artista cuyas obras siempre se han convertido en eventos extraordinarios en la vida espiritual de Kyiv y de Lviv, y porque admiro a este pintor que de hecho puede llamarse un artista de pueblo. Su exposici\u00f3n actual muestra que \u00e9l ha sabido desarrollar y profundizar su obra codificada y llena de las alegrias de vida, que \u00e9l ha cometido una verdadera haza\u00f1a. Porque ha creado con sus propias manos todas las alfombras, sobrecamas, aplicaciones, mu\u00f1ecas, manteles expuestos siendo no s\u00f3lo dise\u00f1ador, sino tambi\u00e9n creador de estas obras maestras. Tenemos que hacer reverencia a su laboriosidad y diligencia igual que a su talento lleno de amor a la vida.<br \/>\nMyjailo Bilas nunca repite a si mismo siempre aspirando crear algo nuevo pero inequ\u00edvocamente en su estilo peculiar. Dios nos muestra el mismo arco-iris como si no tuviese talento para diversificar cu creaci\u00f3n majestuosa. Las obras de M. Bilas son muy diferentes. El artista no cesa de modificar gama crom\u00e1tica, formas y g\u00e9neros de su obra pero siempre continua sorprendi\u00e9ndonos igual que la riqueza policrom\u00e1tica de arco-iris en el cielo. Es un verdadero dios que adora optimismo de cielo di\u00e1fano despu\u00e9s de tormenta. Y en este aspecto \u00e9l es muy constante.<br \/>\nVivemos en los tiempos quando el esp\u00edritu del pueblo s\u00f3lo se revela en los espect\u00e1culos de conjuntos folcl\u00f3ricos, coros y bailarines. Todo que nuestras abuelas guardaban en sus arcas \u2013 sus corales, cintas, ropas \u2013 fue vendido a los especuladores cinematogr\u00e1ficos, a los esnobes que se orgullan con sus colecciones de raridades, o se encontr\u00f3 en los museos, o se est\u00e1 muriendo en los trasteros y cofre carcomido por polilla. Podemos decir los mismo sobre cilicios y sobrecamas, alfombras y toallas que en mejor de los casos se convertieron a las muestras en los museos.<br \/>\nMyjailo Bilas de hecho es un gran transformador de la energ\u00eda art\u00edstica popular en formas nuevas, objetos art\u00edsticos nuevos que cada uno de nosotros quisiera tener en casa, con las cuales quisi\u00e9ramos vivir en nuestra \u00e9poca niquelada de arquitectura y ropas mon\u00f3tonas y uniformes. \u00a1Myjailo Bilas es m\u00fasico de colores que siente harmon\u00eda de colores mejor que nadie, que piensa en la belleza de ropas, belleza de decoraci\u00f3n mejor que nadie! Cada una de sus obras est\u00e1 saturada con el esp\u00edritu popular donde originalidad individual se une con las tradiciones seculares. Myjailo Bilas es orgullo de la cultura ucraniana contempor\u00e1nea. Estoy convencido de que esta exposici\u00f3n estar\u00e1 recibida calurosamente en todos los rincones de Ucrania, que ella puede llevar y llevar\u00e1 gloria no s\u00f3lo al artista sino que tambi\u00e9n al pueblo que, en efecto, muestra su naturaleza \u00fanica en creaciones semejantes. Estas obras pueden estar expuestas en la arena internacional \u2013 no para recibir aplausos sino para comunicar alegremente con otras personas y pueblos. Parece que Myjailo Bilas ve su objetivo en mostrar la vida nueva maravillosa de los objetos viejos y motivos viejos de la habilidad popular consolidando de esta manera nuestra realidad nacional, nuestra percepci\u00f3n optimista del mundo.<\/p>\n<p style=\"text-align: justify;\"><strong>Dmitr\u00f3 Pavlychko,<\/strong><br \/>\nPoeta, traductor, cr\u00edtico literario,<br \/>\npol\u00edtico y hombre p\u00fablico ucraniano, H\u00e9roe de Ucrania<\/p>\n<p><img loading=\"lazy\" decoding=\"async\" class=\"size-full wp-image-9902 alignleft\" src=\"https:\/\/www.bilas.art\/wp-content\/uploads\/2021\/07\/pavlychko-2.jpg\" alt=\"\" width=\"368\" height=\"184\" srcset=\"https:\/\/www.bilas.art\/wp-content\/uploads\/2021\/07\/pavlychko-2.jpg 368w, https:\/\/www.bilas.art\/wp-content\/uploads\/2021\/07\/pavlychko-2-300x150.jpg 300w, https:\/\/www.bilas.art\/wp-content\/uploads\/2021\/07\/pavlychko-2-16x8.jpg 16w\" sizes=\"auto, (max-width: 368px) 100vw, 368px\" \/>[\/vc_column_text][\/vc_column][\/vc_row]<\/p>\n<\/div>","protected":false},"excerpt":{"rendered":"<p>[vc_row equal_height=\u00bbyes\u00bb content_placement=\u00bbmiddle\u00bb css=\u00bb.vc_custom_1505137157448{padding-top: 50px !important;}\u00bb][vc_column css_animation=\u00bbfadeInLeft\u00bb width=\u00bb1\/2&#8243; background_parallax=\u00bbon\u00bb background_parallax_align=\u00bbtop\u00bb css=\u00bb.vc_custom_1572791221220{border-right-width: 0px !important;padding-top: 150px !important;padding-bottom: 150px !important;background-image: url(http:\/\/www.bilas.art\/wp-content\/uploads\/2019\/11\/img9461.jpg?id=5765) !important;background-position: center !important;background-repeat: no-repeat !important;background-size: contain !important;}\u00bb uniqid=\u00bb5d71082af2b68&#8243;][\/vc_column][vc_column css_animation=\u00bbfadeInRight\u00bb width=\u00bb1\/2&#8243; css=\u00bb.vc_custom_1571131294544{padding-top: 30px !important;padding-right: 30px !important;padding-bottom: 30px !important;padding-left: 30px !important;background-color: #f0f0f0 !important;}\u00bb uniqid=\u00bb5d710811cd7bf\u00bb][vc_column_text]Pintor del pueblo de Ucrania, artista ucraniano eminente de obras art\u00edsticas textiles, organizador de exposiciones, artista&hellip;<\/p>\n","protected":false},"author":1,"featured_media":0,"parent":0,"menu_order":0,"comment_status":"closed","ping_status":"closed","template":"","meta":{"footnotes":""},"class_list":["post-705","page","type-page","status-publish","hentry","description-off"],"_links":{"self":[{"href":"https:\/\/www.bilas.art\/es\/wp-json\/wp\/v2\/pages\/705","targetHints":{"allow":["GET"]}}],"collection":[{"href":"https:\/\/www.bilas.art\/es\/wp-json\/wp\/v2\/pages"}],"about":[{"href":"https:\/\/www.bilas.art\/es\/wp-json\/wp\/v2\/types\/page"}],"author":[{"embeddable":true,"href":"https:\/\/www.bilas.art\/es\/wp-json\/wp\/v2\/users\/1"}],"replies":[{"embeddable":true,"href":"https:\/\/www.bilas.art\/es\/wp-json\/wp\/v2\/comments?post=705"}],"version-history":[{"count":45,"href":"https:\/\/www.bilas.art\/es\/wp-json\/wp\/v2\/pages\/705\/revisions"}],"predecessor-version":[{"id":10071,"href":"https:\/\/www.bilas.art\/es\/wp-json\/wp\/v2\/pages\/705\/revisions\/10071"}],"wp:attachment":[{"href":"https:\/\/www.bilas.art\/es\/wp-json\/wp\/v2\/media?parent=705"}],"curies":[{"name":"wp","href":"https:\/\/api.w.org\/{rel}","templated":true}]}}